{"id":554,"date":"2020-09-07T03:24:04","date_gmt":"2020-09-07T03:24:04","guid":{"rendered":"https:\/\/innovacapacitaciones.uy\/?page_id=554"},"modified":"2020-09-30T04:17:18","modified_gmt":"2020-09-30T04:17:18","slug":"atencion-al-publico-y-comunicacion","status":"publish","type":"page","link":"https:\/\/innovacapacitaciones.uy\/?page_id=554","title":{"rendered":"Atenci\u00f3n al P\u00fablico y Comunicaci\u00f3n"},"content":{"rendered":"<p>[et_pb_section fb_built=&#8221;1&#8243; admin_label=&#8221;Header&#8221; _builder_version=&#8221;4.5.7&#8243; use_background_color_gradient=&#8221;on&#8221; background_color_gradient_start=&#8221;rgba(0,0,0,0.65)&#8221; background_color_gradient_end=&#8221;rgba(224,153,0,0)&#8221; background_color_gradient_direction=&#8221;123deg&#8221; background_color_gradient_overlays_image=&#8221;on&#8221; background_image=&#8221;https:\/\/innovacapacitaciones.uy\/wp-content\/uploads\/2020\/09\/cd8bdb_e64cf644369d4d528866f6fc502deb88_mv2.jpg&#8221; custom_padding=&#8221;220px||160px||false|false&#8221; bottom_divider_style=&#8221;slant2&#8243; bottom_divider_color=&#8221;rgba(0,0,0,0.38)&#8221; bottom_divider_height=&#8221;100%&#8221; bottom_divider_flip=&#8221;horizontal&#8221;][et_pb_row _builder_version=&#8221;4.4.7&#8243;][et_pb_column type=&#8221;4_4&#8243; _builder_version=&#8221;4.4.7&#8243;][et_pb_text _builder_version=&#8221;4.5.7&#8243; header_font=&#8221;Lato|900|||||||&#8221; header_text_align=&#8221;center&#8221; header_text_color=&#8221;#ffffff&#8221; header_font_size=&#8221;70px&#8221; module_alignment=&#8221;center&#8221; custom_margin=&#8221;0px|0px|0px|0px|true|true&#8221; custom_padding=&#8221;0px|0px|0px|0px|true|true&#8221; header_font_size_tablet=&#8221;&#8221; header_font_size_phone=&#8221;45px&#8221; header_font_size_last_edited=&#8221;on|phone&#8221;]<\/p>\n<h1>Atenci\u00f3n al P\u00fablico y Comunicaci\u00f3n<\/h1>\n<p>[\/et_pb_text][\/et_pb_column][\/et_pb_row][\/et_pb_section][et_pb_section fb_built=&#8221;1&#8243; admin_label=&#8221;Courses&#8221; _builder_version=&#8221;3.22&#8243; custom_padding=&#8221;54px|0|54px|0px|false|false&#8221; custom_width_px__hover=&#8221;1080px&#8221; custom_width_px__hover_enabled=&#8221;1080px&#8221; custom_width_percent__hover=&#8221;80%&#8221; custom_width_percent__hover_enabled=&#8221;80%&#8221; gutter_width__hover=&#8221;3&#8243; gutter_width__hover_enabled=&#8221;3&#8243; parallax_1__hover=&#8221;off&#8221; parallax_1__hover_enabled=&#8221;off&#8221; parallax_2__hover=&#8221;off&#8221; parallax_2__hover_enabled=&#8221;off&#8221; parallax_3__hover=&#8221;off&#8221; parallax_3__hover_enabled=&#8221;off&#8221; parallax_method_1__hover=&#8221;on&#8221; parallax_method_1__hover_enabled=&#8221;on&#8221; parallax_method_2__hover=&#8221;on&#8221; parallax_method_2__hover_enabled=&#8221;on&#8221; parallax_method_3__hover=&#8221;on&#8221; parallax_method_3__hover_enabled=&#8221;on&#8221; use_background_color_gradient__hover=&#8221;off&#8221; use_background_color_gradient__hover_enabled=&#8221;off&#8221; background_color_gradient_start__hover=&#8221;#2b87da&#8221; background_color_gradient_start__hover_enabled=&#8221;#2b87da&#8221; background_color_gradient_end__hover=&#8221;#29c4a9&#8243; background_color_gradient_end__hover_enabled=&#8221;#29c4a9&#8243; background_color_gradient_type__hover=&#8221;linear&#8221; background_color_gradient_type__hover_enabled=&#8221;linear&#8221; background_color_gradient_direction__hover=&#8221;180deg&#8221; background_color_gradient_direction__hover_enabled=&#8221;180deg&#8221; background_color_gradient_direction_radial__hover=&#8221;center&#8221; background_color_gradient_direction_radial__hover_enabled=&#8221;center&#8221; background_color_gradient_start_position__hover=&#8221;0%&#8221; background_color_gradient_start_position__hover_enabled=&#8221;0%&#8221; background_color_gradient_end_position__hover=&#8221;100%&#8221; background_color_gradient_end_position__hover_enabled=&#8221;100%&#8221; background_color_gradient_overlays_image__hover=&#8221;off&#8221; background_color_gradient_overlays_image__hover_enabled=&#8221;off&#8221; parallax__hover=&#8221;off&#8221; parallax__hover_enabled=&#8221;off&#8221; parallax_method__hover=&#8221;on&#8221; parallax_method__hover_enabled=&#8221;on&#8221; background_size__hover=&#8221;cover&#8221; background_size__hover_enabled=&#8221;cover&#8221; background_position__hover=&#8221;center&#8221; background_position__hover_enabled=&#8221;center&#8221; background_repeat__hover=&#8221;no-repeat&#8221; background_repeat__hover_enabled=&#8221;no-repeat&#8221; background_blend__hover=&#8221;normal&#8221; background_blend__hover_enabled=&#8221;normal&#8221; allow_player_pause__hover=&#8221;off&#8221; allow_player_pause__hover_enabled=&#8221;off&#8221; background_video_pause_outside_viewport__hover=&#8221;on&#8221; background_video_pause_outside_viewport__hover_enabled=&#8221;on&#8221; inner_shadow__hover=&#8221;off&#8221; inner_shadow__hover_enabled=&#8221;off&#8221; make_fullwidth__hover=&#8221;off&#8221; make_fullwidth__hover_enabled=&#8221;off&#8221; use_custom_width__hover=&#8221;off&#8221; use_custom_width__hover_enabled=&#8221;off&#8221; width_unit__hover=&#8221;on&#8221; width_unit__hover_enabled=&#8221;on&#8221; make_equal__hover=&#8221;off&#8221; make_equal__hover_enabled=&#8221;off&#8221; use_custom_gutter__hover=&#8221;off&#8221; use_custom_gutter__hover_enabled=&#8221;off&#8221; border_radii__hover=&#8221;on||||&#8221; border_radii__hover_enabled=&#8221;on||||&#8221; box_shadow_style__hover=&#8221;none&#8221; box_shadow_style__hover_enabled=&#8221;none&#8221; box_shadow_color__hover=&#8221;rgba(0,0,0,0.3)&#8221; box_shadow_color__hover_enabled=&#8221;rgba(0,0,0,0.3)&#8221; max_width__hover=&#8221;100%&#8221; max_width__hover_enabled=&#8221;100%&#8221; filter_hue_rotate__hover=&#8221;0deg&#8221; filter_hue_rotate__hover_enabled=&#8221;0deg&#8221; filter_saturate__hover=&#8221;100%&#8221; filter_saturate__hover_enabled=&#8221;100%&#8221; filter_brightness__hover=&#8221;100%&#8221; filter_brightness__hover_enabled=&#8221;100%&#8221; filter_contrast__hover=&#8221;100%&#8221; filter_contrast__hover_enabled=&#8221;100%&#8221; filter_invert__hover=&#8221;0%&#8221; filter_invert__hover_enabled=&#8221;0%&#8221; filter_sepia__hover=&#8221;0%&#8221; filter_sepia__hover_enabled=&#8221;0%&#8221; filter_opacity__hover=&#8221;100%&#8221; filter_opacity__hover_enabled=&#8221;100%&#8221; filter_blur__hover=&#8221;0px&#8221; filter_blur__hover_enabled=&#8221;0px&#8221; mix_blend_mode__hover=&#8221;normal&#8221; mix_blend_mode__hover_enabled=&#8221;normal&#8221; animation_style__hover=&#8221;none&#8221; animation_style__hover_enabled=&#8221;none&#8221; animation_repeat__hover=&#8221;once&#8221; animation_repeat__hover_enabled=&#8221;once&#8221; animation_direction__hover=&#8221;center&#8221; animation_direction__hover_enabled=&#8221;center&#8221; animation_duration__hover=&#8221;1000ms&#8221; animation_duration__hover_enabled=&#8221;1000ms&#8221; animation_delay__hover=&#8221;0ms&#8221; animation_delay__hover_enabled=&#8221;0ms&#8221; animation_intensity_slide__hover=&#8221;50%&#8221; animation_intensity_slide__hover_enabled=&#8221;50%&#8221; animation_intensity_zoom__hover=&#8221;50%&#8221; animation_intensity_zoom__hover_enabled=&#8221;50%&#8221; animation_intensity_flip__hover=&#8221;50%&#8221; animation_intensity_flip__hover_enabled=&#8221;50%&#8221; animation_intensity_fold__hover=&#8221;50%&#8221; animation_intensity_fold__hover_enabled=&#8221;50%&#8221; animation_intensity_roll__hover=&#8221;50%&#8221; animation_intensity_roll__hover_enabled=&#8221;50%&#8221; animation_starting_opacity__hover=&#8221;0%&#8221; animation_starting_opacity__hover_enabled=&#8221;0%&#8221; animation_speed_curve__hover=&#8221;ease-in-out&#8221; animation_speed_curve__hover_enabled=&#8221;ease-in-out&#8221; hover_transition_duration__hover=&#8221;300ms&#8221; hover_transition_duration__hover_enabled=&#8221;300ms&#8221; hover_transition_delay__hover=&#8221;0ms&#8221; hover_transition_delay__hover_enabled=&#8221;0ms&#8221; hover_transition_speed_curve__hover=&#8221;ease&#8221; hover_transition_speed_curve__hover_enabled=&#8221;ease&#8221;][et_pb_row _builder_version=&#8221;4.5.7&#8243; _module_preset=&#8221;default&#8221; hover_enabled=&#8221;0&#8243; border_color_top=&#8221;#e97339&#8243;][et_pb_column type=&#8221;4_4&#8243; _builder_version=&#8221;4.5.6&#8243; _module_preset=&#8221;default&#8221;][et_pb_text _builder_version=&#8221;4.5.7&#8243; _module_preset=&#8221;default&#8221; text_text_color=&#8221;#000000&#8243; header_font=&#8221;Lato|900||on|||||&#8221; header_text_align=&#8221;left&#8221; header_font_size=&#8221;41px&#8221; header_2_font=&#8221;Lato|900||on|||||&#8221; header_2_text_color=&#8221;#e97339&#8243; header_2_font_size=&#8221;32px&#8221; module_alignment=&#8221;center&#8221; custom_padding=&#8221;10px||10px||true|false&#8221;]<\/p>\n<h2>Descripci\u00f3n<\/h2>\n<p>[\/et_pb_text][et_pb_text _builder_version=&#8221;4.5.7&#8243; _module_preset=&#8221;default&#8221; text_text_color=&#8221;#000000&#8243; header_font=&#8221;Lato|900||on|||||&#8221; header_text_align=&#8221;left&#8221; header_2_font=&#8221;Lato|700|||||||&#8221; header_2_text_color=&#8221;#e97339&#8243; header_2_font_size=&#8221;20px&#8221; header_3_font=&#8221;Lato|700||on|||||&#8221; header_3_text_color=&#8221;#e97339&#8243; header_3_font_size=&#8221;14px&#8221; module_alignment=&#8221;center&#8221; custom_padding=&#8221;15px||15px||true|false&#8221;]<\/p>\n<p class=\"p1\">El curso de atenci\u00f3n al cliente y comunicaci\u00f3n brinda una capacitaci\u00f3n integral para adquirir herramientas y estrategias que nos permitan tener un muy buen contacto y manejo con los clientes. En estos tiempos el manejo de los clientes se ha vuelto vital para las empresas ya que d\u00eda a d\u00eda esta tarea se torna m\u00e1s exigente, constante y de mucho seguimiento.<\/p>\n<p class=\"p1\">Incluye la formaci\u00f3n en el manejo de herramientas de Marketing y negociaci\u00f3n, estudiar el comportamiento del consumidor, lograr una comunicaci\u00f3n asertiva, desarrollar estrategias de ventas entre otras herramientas.<\/p>\n<p class=\"p1\">Todos los contenidos se desarrollar\u00e1n adaptados a la realidad del mercado laboral.<\/p>\n<p class=\"p1\">\u00c9l egresado del curso de habr\u00e1 adquirido las competencias necesarias para proporcionar un excelente v\u00ednculo con clientes y un importante apoyo en la comunicaci\u00f3n de la empresa.<\/p>\n<p>[\/et_pb_text][et_pb_text _builder_version=&#8221;4.5.7&#8243; _module_preset=&#8221;default&#8221; text_text_color=&#8221;#000000&#8243; header_font=&#8221;Lato|900||on|||||&#8221; header_text_align=&#8221;left&#8221; header_2_font=&#8221;Lato|700|||||||&#8221; header_2_text_color=&#8221;#e97339&#8243; header_2_font_size=&#8221;20px&#8221; header_3_font=&#8221;Lato|700||on|||||&#8221; header_3_text_color=&#8221;#e97339&#8243; header_3_font_size=&#8221;14px&#8221; module_alignment=&#8221;center&#8221; custom_padding=&#8221;15px||15px||true|false&#8221;]<\/p>\n<h3>Perfil de Ingreso<\/h3>\n<p class=\"p1\">La formaci\u00f3n est\u00e1 dirigida a hombres y mujeres mayores de 16 a\u00f1os con inter\u00e9s en trabajar en el \u00e1rea de recursos humanos y atenci\u00f3n al cliente de una empresa. Tambi\u00e9n se dirige a personas que se encuentren en actividad en diversos sectores y con diversas formaciones<\/p>\n<p class=\"p1\">previas. El nivel educativo exigido es primaria completa o incompleta y no es necesario contar con experiencia laboral previa en el rubro.<\/p>\n<p>[\/et_pb_text][et_pb_text _builder_version=&#8221;4.5.7&#8243; _module_preset=&#8221;default&#8221; text_text_color=&#8221;#000000&#8243; header_font=&#8221;Lato|900||on|||||&#8221; header_text_align=&#8221;left&#8221; header_2_font=&#8221;Lato|700|||||||&#8221; header_2_text_color=&#8221;#e97339&#8243; header_2_font_size=&#8221;20px&#8221; header_3_font=&#8221;Lato|700||on|||||&#8221; header_3_text_color=&#8221;#e97339&#8243; header_3_font_size=&#8221;14px&#8221; module_alignment=&#8221;center&#8221; custom_padding=&#8221;15px||15px||true|false&#8221;]<\/p>\n<h3>Objetivo<\/h3>\n<p class=\"p1\">El objetivo general del curso es capacitar a los\/las participantes con el prop\u00f3sito de que incorporen conocimientos y habilidades para un<span class=\"Apple-converted-space\">\u00a0 <\/span>adecuado desempe\u00f1o en tareas relacionadas a la atenci\u00f3n al cliente, as\u00ed como potenciar sus formas de comunicar, mejorando sus condiciones de empleabilidad y promoviendo la inserci\u00f3n en el mercado de trabajo formal dependiente o independendiente, y\/o su reinserci\u00f3n educativa.<\/p>\n<p>[\/et_pb_text][\/et_pb_column][\/et_pb_row][et_pb_row _builder_version=&#8221;4.5.6&#8243; _module_preset=&#8221;default&#8221; border_width_top=&#8221;2px&#8221; border_color_top=&#8221;#e97339&#8243;][et_pb_column type=&#8221;4_4&#8243; _builder_version=&#8221;4.5.6&#8243; _module_preset=&#8221;default&#8221;][et_pb_text _builder_version=&#8221;4.5.7&#8243; _module_preset=&#8221;default&#8221; text_text_color=&#8221;#000000&#8243; header_font=&#8221;Lato|900||on|||||&#8221; header_text_align=&#8221;left&#8221; header_font_size=&#8221;41px&#8221; header_2_font=&#8221;Lato|900||on|||||&#8221; header_2_text_color=&#8221;#e97339&#8243; header_2_font_size=&#8221;32px&#8221; module_alignment=&#8221;center&#8221; custom_padding=&#8221;10px||10px||true|false&#8221;]<\/p>\n<h2>Programa<\/h2>\n<p>[\/et_pb_text][et_pb_text _builder_version=&#8221;4.5.7&#8243; _module_preset=&#8221;default&#8221; text_text_color=&#8221;#000000&#8243; header_font=&#8221;Lato|900||on|||||&#8221; header_text_align=&#8221;left&#8221; header_2_font=&#8221;Lato|700|||||||&#8221; header_2_text_color=&#8221;#e97339&#8243; header_2_font_size=&#8221;20px&#8221; header_3_font=&#8221;Lato|700||on|||||&#8221; header_3_text_color=&#8221;#e97339&#8243; header_3_font_size=&#8221;14px&#8221; module_alignment=&#8221;center&#8221; custom_padding=&#8221;15px||15px||true|false&#8221;]<\/p>\n<h3>M\u00d3DULO 1 &#8211; Atenci\u00f3n al cliente y comportamiento del consumidor <\/h3>\n<p>\nIntroducci\u00f3n a Atenci\u00f3n al Cliente.<br \/>\nPercepci\u00f3n y sensaci\u00f3n.<br \/>\nDiferentes criterios de compra.<br \/>\nVariables sociales.<br \/>\nVariables econ\u00f3micas.<br \/>\nVariables pol\u00edticas.<br \/>\nVariables culturales.\n<\/p>\n<h3>M\u00d3DULO 2 &#8211; Negociaci\u00f3n <\/h3>\n<p>\nEstilo de negociaci\u00f3n.<br \/>\nFases de la negociaci\u00f3n.<br \/>\nEstrategia de negociaci\u00f3n.\n<\/p>\n<h3>M\u00d3DULO 3: Comunicaci\u00f3n<\/h3>\n<p>\nInteligencias m\u00faltiples.<br \/>\nGestualidad, lenguaje corporal. Comunicaci\u00f3n visual.<br \/>\nComunicaci\u00f3n colectiva(medios).<br \/>\nLeyes de percepci\u00f3n. Tipos de comunicaci\u00f3n.<br \/>\nMotivaciones. Educaci\u00f3n. Personalidad.<br \/>\nComunicaci\u00f3n creativa. Persuasi\u00f3n.<br \/>\nBarreras de la comunicaci\u00f3n.\n<\/p>\n<h3>M\u00d3DULO 4 &#8211; Marketing<\/h3>\n<p>\n\u00bfQu\u00e9 es el marketing?<br \/>\nLas 4 P del Marketing<br \/>\nProducto<br \/>\nPrecio<br \/>\nPromoci\u00f3n<br \/>\nPublicidad<br \/>\nPlaza de distribuci\u00f3n\n<\/p>\n<h3>M\u00d3DULO 5 &#8211; Ventas<\/h3>\n<p>\nFundamentos de ventas<br \/>\nOrientaci\u00f3n al cliente<br \/>\nFunci\u00f3n b\u00e1sica del vendedor<br \/>\nMotivos de compra<br \/>\nAlinear fuerza de ventas y los objetivos de la empresa<br \/>\nConocimiento del producto<br \/>\nFuentes para identificar posibles clientes<br \/>\nObjetivo de prospectar y calificar previamente\n<\/p>\n<h3>M\u00d3DULO 6 &#8211; Taller de orientaci\u00f3n laboral<\/h3>\n<p>\nDerechos y obligaciones Laborales.<br \/>\nCompetencias transversales y mercado laboral.<br \/>\nB\u00fasqueda de empleo, entrevista laboral.\n<\/p>\n<p>[\/et_pb_text][\/et_pb_column][\/et_pb_row][et_pb_row _builder_version=&#8221;4.5.6&#8243; _module_preset=&#8221;default&#8221; border_width_top=&#8221;2px&#8221; border_color_top=&#8221;#e97339&#8243;][et_pb_column type=&#8221;4_4&#8243; _builder_version=&#8221;4.5.6&#8243; _module_preset=&#8221;default&#8221;][et_pb_text _builder_version=&#8221;4.5.7&#8243; _module_preset=&#8221;default&#8221; text_text_color=&#8221;#000000&#8243; header_font=&#8221;Lato|900||on|||||&#8221; header_text_align=&#8221;left&#8221; header_2_font=&#8221;Lato|700|||||||&#8221; header_2_text_color=&#8221;#e97339&#8243; header_2_font_size=&#8221;20px&#8221; header_3_font=&#8221;Lato|700||on|||||&#8221; header_3_text_color=&#8221;#e97339&#8243; header_3_font_size=&#8221;14px&#8221; module_alignment=&#8221;center&#8221; custom_padding=&#8221;10px||10px||true|false&#8221;]<\/p>\n<h3>Duraci\u00f3n:<\/h3>\n<p>6 meses.<\/p>\n<p>[\/et_pb_text][\/et_pb_column][\/et_pb_row][\/et_pb_section][et_pb_section fb_built=&#8221;1&#8243; admin_label=&#8221;FAQ&#8221; _builder_version=&#8221;4.5.6&#8243; background_enable_color=&#8221;off&#8221; use_background_color_gradient=&#8221;on&#8221; background_color_gradient_start=&#8221;rgba(233,115,57,0.73)&#8221; background_color_gradient_end=&#8221;#e97339&#8243; background_color_gradient_overlays_image=&#8221;on&#8221; background_image=&#8221;https:\/\/innovacapacitaciones.uy\/wp-content\/uploads\/2020\/07\/DSC3083-scaled.jpg&#8221; custom_padding=&#8221;0px||&#8221;][et_pb_row _builder_version=&#8221;4.5.6&#8243; _module_preset=&#8221;default&#8221; custom_margin=&#8221;0px||0px||false|false&#8221; custom_padding=&#8221;35px||0px||false|false&#8221;][et_pb_column type=&#8221;4_4&#8243; _builder_version=&#8221;4.5.6&#8243; _module_preset=&#8221;default&#8221;][et_pb_text _builder_version=&#8221;4.5.6&#8243; _module_preset=&#8221;default&#8221; header_font=&#8221;Lato|900|||||||&#8221; header_text_align=&#8221;center&#8221; header_2_text_align=&#8221;center&#8221; header_2_text_color=&#8221;#ffffff&#8221; header_3_font=&#8221;Lato|900|||||||&#8221; header_3_text_align=&#8221;center&#8221; header_4_font=&#8221;Lato|900|||||||&#8221; header_4_text_align=&#8221;center&#8221; header_5_font=&#8221;Lato|900|||||||&#8221; header_5_text_align=&#8221;center&#8221; header_6_font=&#8221;Lato|900|||||||&#8221; header_6_text_align=&#8221;center&#8221;]<\/p>\n<h2>Te gustar\u00eda saber m\u00e1s sobre el curso?<\/h2>\n<p>[\/et_pb_text][et_pb_button button_text=&#8221;Contactanos&#8221; button_alignment=&#8221;center&#8221; _builder_version=&#8221;4.5.6&#8243; _module_preset=&#8221;default&#8221; custom_button=&#8221;on&#8221; button_text_size=&#8221;19px&#8221; button_text_color=&#8221;#e97339&#8243; button_bg_color=&#8221;#ffffff&#8221; button_border_radius=&#8221;30px&#8221; button_font=&#8221;Lato|900||on|||||&#8221; button_icon=&#8221;%%36%%&#8221; custom_margin=&#8221;30px||10px||false|false&#8221; custom_padding=&#8221;|65px||65px|false|true&#8221; button_text_color_last_edited=&#8221;off|desktop&#8221; button_bg_color_last_edited=&#8221;off|desktop&#8221; box_shadow_style=&#8221;preset1&#8243; box_shadow_blur=&#8221;25px&#8221; box_shadow_color=&#8221;rgba(0,0,0,0)&#8221; button_text_color__hover_enabled=&#8221;on|hover&#8221; button_text_color__hover=&#8221;#ffffff&#8221; button_bg_color__hover_enabled=&#8221;on|hover&#8221; button_bg_color__hover=&#8221;#e97339&#8243; button_bg_enable_color__hover=&#8221;on&#8221; box_shadow_color__hover_enabled=&#8221;on|hover&#8221; box_shadow_color__hover=&#8221;rgba(45,43,43,0.39)&#8221;][\/et_pb_button][\/et_pb_column][\/et_pb_row][\/et_pb_section]<\/p>\n","protected":false},"excerpt":{"rendered":"<p>Atenci\u00f3n al P\u00fablico y Comunicaci\u00f3nDescripci\u00f3nEl curso de atenci\u00f3n al cliente y comunicaci\u00f3n brinda una capacitaci\u00f3n integral para adquirir herramientas y estrategias que nos permitan tener un muy buen contacto y manejo con los clientes. En estos tiempos el manejo de los clientes se ha vuelto vital para las empresas ya que d\u00eda a d\u00eda esta [&hellip;]<\/p>\n","protected":false},"author":1,"featured_media":0,"parent":0,"menu_order":0,"comment_status":"closed","ping_status":"closed","template":"","meta":{"_et_pb_use_builder":"on","_et_pb_old_content":"","_et_gb_content_width":"","inline_featured_image":false,"_joinchat":[],"footnotes":""},"class_list":["post-554","page","type-page","status-publish","hentry"],"yoast_head":"<!-- This site is optimized with the Yoast SEO plugin v27.5 - https:\/\/yoast.com\/product\/yoast-seo-wordpress\/ -->\n<title>Atenci\u00f3n al P\u00fablico y Comunicaci\u00f3n - Innova<\/title>\n<meta name=\"robots\" content=\"index, follow, max-snippet:-1, max-image-preview:large, max-video-preview:-1\" \/>\n<link rel=\"canonical\" href=\"https:\/\/innovacapacitaciones.uy\/?page_id=554\" \/>\n<meta property=\"og:locale\" content=\"es_MX\" \/>\n<meta property=\"og:type\" content=\"article\" \/>\n<meta property=\"og:title\" content=\"Atenci\u00f3n al P\u00fablico y Comunicaci\u00f3n - Innova\" \/>\n<meta property=\"og:description\" content=\"Atenci\u00f3n al P\u00fablico y Comunicaci\u00f3nDescripci\u00f3nEl curso de atenci\u00f3n al cliente y comunicaci\u00f3n brinda una capacitaci\u00f3n integral para adquirir herramientas y estrategias que nos permitan tener un muy buen contacto y manejo con los clientes. En estos tiempos el manejo de los clientes se ha vuelto vital para las empresas ya que d\u00eda a d\u00eda esta [&hellip;]\" \/>\n<meta property=\"og:url\" content=\"https:\/\/innovacapacitaciones.uy\/?page_id=554\" \/>\n<meta property=\"og:site_name\" content=\"Innova\" \/>\n<meta property=\"article:modified_time\" content=\"2020-09-30T04:17:18+00:00\" \/>\n<meta name=\"twitter:card\" content=\"summary_large_image\" \/>\n<meta name=\"twitter:label1\" content=\"Tiempo de lectura\" \/>\n\t<meta name=\"twitter:data1\" content=\"10 minutos\" \/>\n<script type=\"application\/ld+json\" class=\"yoast-schema-graph\">{\"@context\":\"https:\\\/\\\/schema.org\",\"@graph\":[{\"@type\":\"WebPage\",\"@id\":\"https:\\\/\\\/innovacapacitaciones.uy\\\/?page_id=554\",\"url\":\"https:\\\/\\\/innovacapacitaciones.uy\\\/?page_id=554\",\"name\":\"Atenci\u00f3n al P\u00fablico y Comunicaci\u00f3n - Innova\",\"isPartOf\":{\"@id\":\"https:\\\/\\\/innovacapacitaciones.uy\\\/#website\"},\"datePublished\":\"2020-09-07T03:24:04+00:00\",\"dateModified\":\"2020-09-30T04:17:18+00:00\",\"breadcrumb\":{\"@id\":\"https:\\\/\\\/innovacapacitaciones.uy\\\/?page_id=554#breadcrumb\"},\"inLanguage\":\"es\",\"potentialAction\":[{\"@type\":\"ReadAction\",\"target\":[\"https:\\\/\\\/innovacapacitaciones.uy\\\/?page_id=554\"]}]},{\"@type\":\"BreadcrumbList\",\"@id\":\"https:\\\/\\\/innovacapacitaciones.uy\\\/?page_id=554#breadcrumb\",\"itemListElement\":[{\"@type\":\"ListItem\",\"position\":1,\"name\":\"Inicio\",\"item\":\"https:\\\/\\\/innovacapacitaciones.uy\\\/\"},{\"@type\":\"ListItem\",\"position\":2,\"name\":\"Atenci\u00f3n al P\u00fablico y Comunicaci\u00f3n\"}]},{\"@type\":\"WebSite\",\"@id\":\"https:\\\/\\\/innovacapacitaciones.uy\\\/#website\",\"url\":\"https:\\\/\\\/innovacapacitaciones.uy\\\/\",\"name\":\"Innova\",\"description\":\"Capacitaciones\",\"potentialAction\":[{\"@type\":\"SearchAction\",\"target\":{\"@type\":\"EntryPoint\",\"urlTemplate\":\"https:\\\/\\\/innovacapacitaciones.uy\\\/?s={search_term_string}\"},\"query-input\":{\"@type\":\"PropertyValueSpecification\",\"valueRequired\":true,\"valueName\":\"search_term_string\"}}],\"inLanguage\":\"es\"}]}<\/script>\n<!-- \/ Yoast SEO plugin. -->","yoast_head_json":{"title":"Atenci\u00f3n al P\u00fablico y Comunicaci\u00f3n - Innova","robots":{"index":"index","follow":"follow","max-snippet":"max-snippet:-1","max-image-preview":"max-image-preview:large","max-video-preview":"max-video-preview:-1"},"canonical":"https:\/\/innovacapacitaciones.uy\/?page_id=554","og_locale":"es_MX","og_type":"article","og_title":"Atenci\u00f3n al P\u00fablico y Comunicaci\u00f3n - Innova","og_description":"Atenci\u00f3n al P\u00fablico y Comunicaci\u00f3nDescripci\u00f3nEl curso de atenci\u00f3n al cliente y comunicaci\u00f3n brinda una capacitaci\u00f3n integral para adquirir herramientas y estrategias que nos permitan tener un muy buen contacto y manejo con los clientes. En estos tiempos el manejo de los clientes se ha vuelto vital para las empresas ya que d\u00eda a d\u00eda esta [&hellip;]","og_url":"https:\/\/innovacapacitaciones.uy\/?page_id=554","og_site_name":"Innova","article_modified_time":"2020-09-30T04:17:18+00:00","twitter_card":"summary_large_image","twitter_misc":{"Tiempo de lectura":"10 minutos"},"schema":{"@context":"https:\/\/schema.org","@graph":[{"@type":"WebPage","@id":"https:\/\/innovacapacitaciones.uy\/?page_id=554","url":"https:\/\/innovacapacitaciones.uy\/?page_id=554","name":"Atenci\u00f3n al P\u00fablico y Comunicaci\u00f3n - Innova","isPartOf":{"@id":"https:\/\/innovacapacitaciones.uy\/#website"},"datePublished":"2020-09-07T03:24:04+00:00","dateModified":"2020-09-30T04:17:18+00:00","breadcrumb":{"@id":"https:\/\/innovacapacitaciones.uy\/?page_id=554#breadcrumb"},"inLanguage":"es","potentialAction":[{"@type":"ReadAction","target":["https:\/\/innovacapacitaciones.uy\/?page_id=554"]}]},{"@type":"BreadcrumbList","@id":"https:\/\/innovacapacitaciones.uy\/?page_id=554#breadcrumb","itemListElement":[{"@type":"ListItem","position":1,"name":"Inicio","item":"https:\/\/innovacapacitaciones.uy\/"},{"@type":"ListItem","position":2,"name":"Atenci\u00f3n al P\u00fablico y Comunicaci\u00f3n"}]},{"@type":"WebSite","@id":"https:\/\/innovacapacitaciones.uy\/#website","url":"https:\/\/innovacapacitaciones.uy\/","name":"Innova","description":"Capacitaciones","potentialAction":[{"@type":"SearchAction","target":{"@type":"EntryPoint","urlTemplate":"https:\/\/innovacapacitaciones.uy\/?s={search_term_string}"},"query-input":{"@type":"PropertyValueSpecification","valueRequired":true,"valueName":"search_term_string"}}],"inLanguage":"es"}]}},"_links":{"self":[{"href":"https:\/\/innovacapacitaciones.uy\/index.php?rest_route=\/wp\/v2\/pages\/554","targetHints":{"allow":["GET"]}}],"collection":[{"href":"https:\/\/innovacapacitaciones.uy\/index.php?rest_route=\/wp\/v2\/pages"}],"about":[{"href":"https:\/\/innovacapacitaciones.uy\/index.php?rest_route=\/wp\/v2\/types\/page"}],"author":[{"embeddable":true,"href":"https:\/\/innovacapacitaciones.uy\/index.php?rest_route=\/wp\/v2\/users\/1"}],"replies":[{"embeddable":true,"href":"https:\/\/innovacapacitaciones.uy\/index.php?rest_route=%2Fwp%2Fv2%2Fcomments&post=554"}],"version-history":[{"count":5,"href":"https:\/\/innovacapacitaciones.uy\/index.php?rest_route=\/wp\/v2\/pages\/554\/revisions"}],"predecessor-version":[{"id":656,"href":"https:\/\/innovacapacitaciones.uy\/index.php?rest_route=\/wp\/v2\/pages\/554\/revisions\/656"}],"wp:attachment":[{"href":"https:\/\/innovacapacitaciones.uy\/index.php?rest_route=%2Fwp%2Fv2%2Fmedia&parent=554"}],"curies":[{"name":"wp","href":"https:\/\/api.w.org\/{rel}","templated":true}]}}